{"id":114,"date":"2021-08-11T20:33:04","date_gmt":"2021-08-11T18:33:04","guid":{"rendered":"http:\/\/danielabraun.ch\/?page_id=114"},"modified":"2025-06-20T10:36:17","modified_gmt":"2025-06-20T08:36:17","slug":"media","status":"publish","type":"page","link":"https:\/\/danielaengel.art\/de\/media\/","title":{"rendered":"Media"},"content":{"rendered":"<div data-parent=\"true\" class=\"vc_row row-container\" id=\"row-unique-0\"><div class=\"row limit-width row-parent\"><div class=\"wpb_row row-inner\"><div class=\"wpb_column pos-top pos-center align_left column_parent col-lg-12 single-internal-gutter\"><div class=\"uncol style-dark\"  ><div class=\"uncoltable\"><div class=\"uncell no-block-padding\" ><div class=\"uncont\"><div id=\"gallery-126309-172\" class=\"isotope-system isotope-general-dark grid-general-dark  post-title\">\n\t\t\t\t\n\t<div class=\"isotope-wrapper grid-wrapper single-gutter\">\n\t\t\t\t\t\t<div class=\"isotope-container isotope-layout style-masonry\" data-type=\"masonry\" data-layout=\"masonry\" data-lg=\"1000\" data-md=\"600\" data-sm=\"480\">\n<div class=\"tmb tmb-iso-w4 tmb-iso-h4 tmb-light tmb-overlay-showed tmb-overlay-anim tmb-content-left tmb-id-646  tmb-content-under tmb-media-last tmb-no-bg\" ><div class=\"t-inside parallax-el\" data-rellax-speed=\"0.5\" data-rellax-percentage=\"0.5\"><div class=\"t-entry-text\">\n\t\t\t\t\t\t\t\t\t<div class=\"t-entry-text-tc single-block-padding\"><div class=\"t-entry\"><h3 class=\"t-entry-title h4 title-scale\">Clarinet Concerto op. 57<\/h3><p class=\"t-entry-meta\"><span>Carl Nielsen<\/span><\/p><div class=\"spacer spacer-one half-space\"><\/div><\/div><\/div>\n\t\t\t\t\t\t\t<\/div><div class=\"t-entry-visual\"><div class=\"t-entry-visual-tc\"><div class=\"t-entry-visual-cont\"><div class=\"t-entry-visual-overlay\"><div class=\"t-entry-visual-overlay-in style-dark-bg\" style=\"opacity: 0.36;\"><\/div><\/div><div class=\"h4 title-scale fluid-object\" style=\"padding-top: 56.31%\"><iframe title=\"Carl Nielsen - Clarinet Concerto\" width=\"840\" height=\"473\" src=\"https:\/\/www.youtube.com\/embed\/t969FbYAgGE?feature=oembed\" frameborder=\"0\" allow=\"accelerometer; autoplay; clipboard-write; encrypted-media; gyroscope; picture-in-picture; web-share\" referrerpolicy=\"strict-origin-when-cross-origin\" allowfullscreen><\/iframe><\/div><\/div>\n\t\t\t\t\t<\/div>\n\t\t\t\t<\/div><\/div><\/div><div class=\"tmb tmb-iso-w4 tmb-iso-h4 tmb-light tmb-overlay-showed tmb-overlay-anim tmb-content-left tmb-id-647  tmb-content-under tmb-media-last tmb-no-bg\" ><div class=\"t-inside parallax-el\" data-rellax-speed=\"0.5\" data-rellax-percentage=\"0.5\"><div class=\"t-entry-text\">\n\t\t\t\t\t\t\t\t\t<div class=\"t-entry-text-tc single-block-padding\"><div class=\"t-entry\"><h3 class=\"t-entry-title h4 title-scale\">Trio for Clarinet, Cello and Piano<\/h3><p class=\"t-entry-meta\"><span>Magnus Lindberg<\/span><\/p><div class=\"spacer spacer-one half-space\"><\/div><\/div><\/div>\n\t\t\t\t\t\t\t<\/div><div class=\"t-entry-visual\"><div class=\"t-entry-visual-tc\"><div class=\"t-entry-visual-cont\"><div class=\"t-entry-visual-overlay\"><div class=\"t-entry-visual-overlay-in style-dark-bg\" style=\"opacity: 0.36;\"><\/div><\/div><div class=\"h4 title-scale fluid-object\" style=\"padding-top: 56.31%\"><iframe title=\"Magnus Lindberg - Trio for Clarinet, Cello and Piano (2008)\" width=\"840\" height=\"473\" src=\"https:\/\/www.youtube.com\/embed\/eqPWMdM4ToQ?feature=oembed\" frameborder=\"0\" allow=\"accelerometer; autoplay; clipboard-write; encrypted-media; gyroscope; picture-in-picture; web-share\" referrerpolicy=\"strict-origin-when-cross-origin\" allowfullscreen><\/iframe><\/div><\/div>\n\t\t\t\t\t<\/div>\n\t\t\t\t<\/div><\/div><\/div><div class=\"tmb tmb-iso-w4 tmb-iso-h4 tmb-light tmb-overlay-showed tmb-overlay-anim tmb-content-left tmb-id-949  tmb-content-under tmb-media-last tmb-no-bg\" ><div class=\"t-inside parallax-el\" data-rellax-speed=\"0.5\" data-rellax-percentage=\"0.5\"><div class=\"t-entry-text\">\n\t\t\t\t\t\t\t\t\t<div class=\"t-entry-text-tc single-block-padding\"><div class=\"t-entry\"><h3 class=\"t-entry-title h4 title-scale\">\u00c5smund Perss\u00f8nn \u00d8degaard - En Chritz i de Platte<\/h3><div class=\"spacer spacer-one half-space\"><\/div><\/div><\/div>\n\t\t\t\t\t\t\t<\/div><div class=\"t-entry-visual\"><div class=\"t-entry-visual-tc\"><div class=\"t-entry-visual-cont\"><div class=\"t-entry-visual-overlay\"><div class=\"t-entry-visual-overlay-in style-dark-bg\" style=\"opacity: 0.36;\"><\/div><\/div><div class=\"h4 title-scale fluid-object\" style=\"padding-top: 56.31%\"><iframe title=\"\u00c5smund Perss\u00f8nn \u00d8degaard - En Chritz i de Platte\" width=\"840\" height=\"473\" src=\"https:\/\/www.youtube.com\/embed\/NnYNNwxOBPk?feature=oembed\" frameborder=\"0\" allow=\"accelerometer; autoplay; clipboard-write; encrypted-media; gyroscope; picture-in-picture; web-share\" referrerpolicy=\"strict-origin-when-cross-origin\" allowfullscreen><\/iframe><\/div><\/div>\n\t\t\t\t\t<\/div>\n\t\t\t\t<\/div><\/div><\/div><div class=\"tmb tmb-iso-w4 tmb-iso-h4 tmb-light tmb-overlay-showed tmb-overlay-anim tmb-content-left tmb-id-948  tmb-content-under tmb-media-last tmb-no-bg\" ><div class=\"t-inside parallax-el\" data-rellax-speed=\"0.5\" data-rellax-percentage=\"0.5\"><div class=\"t-entry-text\">\n\t\t\t\t\t\t\t\t\t<div class=\"t-entry-text-tc single-block-padding\"><div class=\"t-entry\"><h3 class=\"t-entry-title h4 title-scale\">Franck Bedrossian - We met as Sparks<\/h3><p class=\"t-entry-meta\"><span>Dissolution Ensemble<\/span><\/p><div class=\"spacer spacer-one half-space\"><\/div><\/div><\/div>\n\t\t\t\t\t\t\t<\/div><div class=\"t-entry-visual\"><div class=\"t-entry-visual-tc\"><div class=\"t-entry-visual-cont\"><div class=\"t-entry-visual-overlay\"><div class=\"t-entry-visual-overlay-in style-dark-bg\" style=\"opacity: 0.36;\"><\/div><\/div><div class=\"h4 title-scale fluid-object\" style=\"padding-top: 56.31%\"><iframe title=\"Franck Bedrossian - We met as Sparks (2015) \/ Dissolution Ensemble\" width=\"840\" height=\"473\" src=\"https:\/\/www.youtube.com\/embed\/QQMyESvPa1s?feature=oembed&v=QQMyESvPa1s&t=79s\" frameborder=\"0\" allow=\"accelerometer; autoplay; clipboard-write; encrypted-media; gyroscope; picture-in-picture; web-share\" referrerpolicy=\"strict-origin-when-cross-origin\" allowfullscreen><\/iframe><\/div><\/div>\n\t\t\t\t\t<\/div>\n\t\t\t\t<\/div><\/div><\/div><div class=\"tmb tmb-iso-w4 tmb-iso-h4 tmb-light tmb-overlay-showed tmb-overlay-anim tmb-content-left tmb-id-1203  tmb-content-under tmb-media-last tmb-no-bg\" ><div class=\"t-inside parallax-el\" data-rellax-speed=\"0.5\" data-rellax-percentage=\"0.5\"><div class=\"t-entry-text\">\n\t\t\t\t\t\t\t\t\t<div class=\"t-entry-text-tc single-block-padding\"><div class=\"t-entry\"><h3 class=\"t-entry-title h4 title-scale\">Bass concerto - Michele Mangani - I. Allegro<\/h3><div class=\"spacer spacer-one half-space\"><\/div><\/div><\/div>\n\t\t\t\t\t\t\t<\/div><div class=\"t-entry-visual\"><div class=\"t-entry-visual-tc\"><div class=\"t-entry-visual-cont\"><div class=\"t-entry-visual-overlay\"><div class=\"t-entry-visual-overlay-in style-dark-bg\" style=\"opacity: 0.36;\"><\/div><\/div><div class=\"h4 title-scale fluid-object\" style=\"padding-top: 56.31%\"><iframe title=\"Allegro aus Bass Concerto (Michele Mangani) | Klarinettenchor Wettingen\" width=\"840\" height=\"473\" src=\"https:\/\/www.youtube.com\/embed\/k5LsyuqBQWU?feature=oembed\" frameborder=\"0\" allow=\"accelerometer; autoplay; clipboard-write; encrypted-media; gyroscope; picture-in-picture; web-share\" referrerpolicy=\"strict-origin-when-cross-origin\" allowfullscreen><\/iframe><\/div><\/div>\n\t\t\t\t\t<\/div>\n\t\t\t\t<\/div><\/div><\/div><div class=\"tmb tmb-iso-w4 tmb-iso-h4 tmb-light tmb-overlay-showed tmb-overlay-anim tmb-content-left tmb-id-1204  tmb-content-under tmb-media-last tmb-no-bg\" ><div class=\"t-inside parallax-el\" data-rellax-speed=\"0.5\" data-rellax-percentage=\"0.5\"><div class=\"t-entry-text\">\n\t\t\t\t\t\t\t\t\t<div class=\"t-entry-text-tc single-block-padding\"><div class=\"t-entry\"><h3 class=\"t-entry-title h4 title-scale\">Bass concerto - Michele Mangani - II. Andante cantabile<\/h3><div class=\"spacer spacer-one half-space\"><\/div><\/div><\/div>\n\t\t\t\t\t\t\t<\/div><div class=\"t-entry-visual\"><div class=\"t-entry-visual-tc\"><div class=\"t-entry-visual-cont\"><div class=\"t-entry-visual-overlay\"><div class=\"t-entry-visual-overlay-in style-dark-bg\" style=\"opacity: 0.36;\"><\/div><\/div><div class=\"h4 title-scale fluid-object\" style=\"padding-top: 56.31%\"><iframe title=\"Andante Cantabile aus Bass Concerto (Michele Mangani) | Klarinettenchor Wettingen\" width=\"840\" height=\"473\" src=\"https:\/\/www.youtube.com\/embed\/BlMyiwijrns?feature=oembed&v=BlMyiwijrns\" frameborder=\"0\" allow=\"accelerometer; autoplay; clipboard-write; encrypted-media; gyroscope; picture-in-picture; web-share\" referrerpolicy=\"strict-origin-when-cross-origin\" allowfullscreen><\/iframe><\/div><\/div>\n\t\t\t\t\t<\/div>\n\t\t\t\t<\/div><\/div><\/div><div class=\"tmb tmb-iso-w4 tmb-iso-h4 tmb-light tmb-overlay-showed tmb-overlay-anim tmb-content-left tmb-id-1190  tmb-content-under tmb-media-last tmb-no-bg\" ><div class=\"t-inside parallax-el\" data-rellax-speed=\"0.5\" data-rellax-percentage=\"0.5\"><div class=\"t-entry-text\">\n\t\t\t\t\t\t\t\t\t<div class=\"t-entry-text-tc single-block-padding\"><div class=\"t-entry\"><h3 class=\"t-entry-title h4 title-scale\">Trailer Trio Lys - A Scandinavian Utopia<\/h3><div class=\"spacer spacer-one half-space\"><\/div><\/div><\/div>\n\t\t\t\t\t\t\t<\/div><div class=\"t-entry-visual\"><div class=\"t-entry-visual-tc\"><div class=\"t-entry-visual-cont\"><div class=\"t-entry-visual-overlay\"><div class=\"t-entry-visual-overlay-in style-dark-bg\" style=\"opacity: 0.36;\"><\/div><\/div><div class=\"h4 title-scale fluid-object\" style=\"padding-top: 56.31%\"><iframe title=\"Trio Lys - A Scandinavian Utopia Trailer\" width=\"840\" height=\"473\" src=\"https:\/\/www.youtube.com\/embed\/nXR0QNDV1lE?feature=oembed\" frameborder=\"0\" allow=\"accelerometer; autoplay; clipboard-write; encrypted-media; gyroscope; picture-in-picture; web-share\" referrerpolicy=\"strict-origin-when-cross-origin\" allowfullscreen><\/iframe><\/div><\/div>\n\t\t\t\t\t<\/div>\n\t\t\t\t<\/div><\/div><\/div><div class=\"tmb tmb-iso-w4 tmb-iso-h4 tmb-light tmb-overlay-showed tmb-overlay-anim tmb-content-left tmb-id-1207  tmb-content-under tmb-media-last tmb-no-bg\" ><div class=\"t-inside parallax-el\" data-rellax-speed=\"0.5\" data-rellax-percentage=\"0.5\"><div class=\"t-entry-text\">\n\t\t\t\t\t\t\t\t\t<div class=\"t-entry-text-tc single-block-padding\"><div class=\"t-entry\"><h3 class=\"t-entry-title h4 title-scale\">Kaija Saariaho - Oi Kuu (Trio Lys)<\/h3><div class=\"spacer spacer-one half-space\"><\/div><\/div><\/div>\n\t\t\t\t\t\t\t<\/div><div class=\"t-entry-visual\"><div class=\"t-entry-visual-tc\"><div class=\"t-entry-visual-cont\"><div class=\"t-entry-visual-overlay\"><div class=\"t-entry-visual-overlay-in style-dark-bg\" style=\"opacity: 0.36;\"><\/div><\/div><div class=\"h4 title-scale fluid-object\" style=\"padding-top: 56.31%\"><iframe title=\"Kaija Saariaho - Oi Kuu (Trio Lys)\" width=\"840\" height=\"473\" src=\"https:\/\/www.youtube.com\/embed\/L6LECEPI738?feature=oembed\" frameborder=\"0\" allow=\"accelerometer; autoplay; clipboard-write; encrypted-media; gyroscope; picture-in-picture; web-share\" referrerpolicy=\"strict-origin-when-cross-origin\" allowfullscreen><\/iframe><\/div><\/div>\n\t\t\t\t\t<\/div>\n\t\t\t\t<\/div><\/div><\/div><div class=\"tmb tmb-iso-w4 tmb-iso-h4 tmb-light tmb-overlay-showed tmb-overlay-anim tmb-content-left tmb-id-1208  tmb-content-under tmb-media-last tmb-no-bg\" ><div class=\"t-inside parallax-el\" data-rellax-speed=\"0.5\" data-rellax-percentage=\"0.5\"><div class=\"t-entry-text\">\n\t\t\t\t\t\t\t\t\t<div class=\"t-entry-text-tc single-block-padding\"><div class=\"t-entry\"><h3 class=\"t-entry-title h4 title-scale\">Per N\u00f8rg\u00e5rd - Clarinet Trio Op. 15, I. Sostenuto - Allegretto (Trio Lys)<\/h3><div class=\"spacer spacer-one half-space\"><\/div><\/div><\/div>\n\t\t\t\t\t\t\t<\/div><div class=\"t-entry-visual\"><div class=\"t-entry-visual-tc\"><div class=\"t-entry-visual-cont\"><div class=\"t-entry-visual-overlay\"><div class=\"t-entry-visual-overlay-in style-dark-bg\" style=\"opacity: 0.36;\"><\/div><\/div><div class=\"h4 title-scale fluid-object\" style=\"padding-top: 56.31%\"><iframe title=\"Per N\u00f8rg\u00e5rd - Clarinet Trio Op. 15, I. Sostenuto - Allegretto (Trio Lys)\" width=\"840\" height=\"473\" src=\"https:\/\/www.youtube.com\/embed\/K9yx3b01Mbs?feature=oembed\" frameborder=\"0\" allow=\"accelerometer; autoplay; clipboard-write; encrypted-media; gyroscope; picture-in-picture; web-share\" referrerpolicy=\"strict-origin-when-cross-origin\" allowfullscreen><\/iframe><\/div><\/div>\n\t\t\t\t\t<\/div>\n\t\t\t\t<\/div><\/div><\/div><div class=\"tmb tmb-iso-w4 tmb-iso-h4 tmb-light tmb-overlay-showed tmb-overlay-anim tmb-content-left tmb-id-1210  tmb-content-under tmb-media-last tmb-no-bg\" ><div class=\"t-inside parallax-el\" data-rellax-speed=\"0.5\" data-rellax-percentage=\"0.5\"><div class=\"t-entry-text\">\n\t\t\t\t\t\t\t\t\t<div class=\"t-entry-text-tc single-block-padding\"><div class=\"t-entry\"><h3 class=\"t-entry-title h4 title-scale\">Johan Kvandal - Nocturne op. 56 for clarinet and piano (Trio Lys)<\/h3><div class=\"spacer spacer-one half-space\"><\/div><\/div><\/div>\n\t\t\t\t\t\t\t<\/div><div class=\"t-entry-visual\"><div class=\"t-entry-visual-tc\"><div class=\"t-entry-visual-cont\"><div class=\"t-entry-visual-overlay\"><div class=\"t-entry-visual-overlay-in style-dark-bg\" style=\"opacity: 0.36;\"><\/div><\/div><div class=\"h4 title-scale fluid-object\" style=\"padding-top: 56.31%\"><iframe title=\"Johan Kvandal - Nocturne op. 56 for clarinet and piano (Trio Lys)\" width=\"840\" height=\"473\" src=\"https:\/\/www.youtube.com\/embed\/cQv7RlF6hsE?feature=oembed\" frameborder=\"0\" allow=\"accelerometer; autoplay; clipboard-write; encrypted-media; gyroscope; picture-in-picture; web-share\" referrerpolicy=\"strict-origin-when-cross-origin\" allowfullscreen><\/iframe><\/div><\/div>\n\t\t\t\t\t<\/div>\n\t\t\t\t<\/div><\/div><\/div><div class=\"tmb tmb-iso-w4 tmb-iso-h4 tmb-light tmb-overlay-showed tmb-overlay-anim tmb-content-left tmb-id-1211  tmb-content-under tmb-media-last tmb-no-bg\" ><div class=\"t-inside parallax-el\" data-rellax-speed=\"0.5\" data-rellax-percentage=\"0.5\"><div class=\"t-entry-text\">\n\t\t\t\t\t\t\t\t\t<div class=\"t-entry-text-tc single-block-padding\"><div class=\"t-entry\"><h3 class=\"t-entry-title h4 title-scale\">Vagn Holmboe - Eco op. 186 (Trio Lys)<\/h3><div class=\"spacer spacer-one half-space\"><\/div><\/div><\/div>\n\t\t\t\t\t\t\t<\/div><div class=\"t-entry-visual\"><div class=\"t-entry-visual-tc\"><div class=\"t-entry-visual-cont\"><div class=\"t-entry-visual-overlay\"><div class=\"t-entry-visual-overlay-in style-dark-bg\" style=\"opacity: 0.36;\"><\/div><\/div><div class=\"h4 title-scale fluid-object\" style=\"padding-top: 56.31%\"><iframe title=\"Vagn Holmboe - Eco op. 186 (Trio Lys)\" width=\"840\" height=\"473\" src=\"https:\/\/www.youtube.com\/embed\/Fy9pQbpZfv8?feature=oembed\" frameborder=\"0\" allow=\"accelerometer; autoplay; clipboard-write; encrypted-media; gyroscope; picture-in-picture; web-share\" referrerpolicy=\"strict-origin-when-cross-origin\" allowfullscreen><\/iframe><\/div><\/div>\n\t\t\t\t\t<\/div>\n\t\t\t\t<\/div><\/div><\/div><div class=\"tmb tmb-iso-w4 tmb-iso-h4 tmb-light tmb-overlay-showed tmb-overlay-anim tmb-content-left tmb-id-1212  tmb-content-under tmb-media-last tmb-no-bg\" ><div class=\"t-inside parallax-el\" data-rellax-speed=\"0.5\" data-rellax-percentage=\"0.5\"><div class=\"t-entry-text\">\n\t\t\t\t\t\t\t\t\t<div class=\"t-entry-text-tc single-block-padding\"><div class=\"t-entry\"><h3 class=\"t-entry-title h4 title-scale\">Emil Hartmann - Serenade op. 24 for clarinet trio, I. Idyll (Trio Lys)<\/h3><div class=\"spacer spacer-one half-space\"><\/div><\/div><\/div>\n\t\t\t\t\t\t\t<\/div><div class=\"t-entry-visual\"><div class=\"t-entry-visual-tc\"><div class=\"t-entry-visual-cont\"><div class=\"t-entry-visual-overlay\"><div class=\"t-entry-visual-overlay-in style-dark-bg\" style=\"opacity: 0.36;\"><\/div><\/div><div class=\"h4 title-scale fluid-object\" style=\"padding-top: 56.31%\"><iframe title=\"Emil Hartmann - Serenade op. 24 for clarinet trio, I. Idyll (Trio Lys)\" width=\"840\" height=\"473\" src=\"https:\/\/www.youtube.com\/embed\/7_EUxJVSa-E?feature=oembed\" frameborder=\"0\" allow=\"accelerometer; autoplay; clipboard-write; encrypted-media; gyroscope; picture-in-picture; web-share\" referrerpolicy=\"strict-origin-when-cross-origin\" allowfullscreen><\/iframe><\/div><\/div>\n\t\t\t\t\t<\/div>\n\t\t\t\t<\/div><\/div><\/div><div class=\"tmb tmb-iso-w4 tmb-iso-h4 tmb-light tmb-overlay-showed tmb-overlay-anim tmb-content-left tmb-id-1213  tmb-content-under tmb-media-last tmb-no-bg\" ><div class=\"t-inside parallax-el\" data-rellax-speed=\"0.5\" data-rellax-percentage=\"0.5\"><div class=\"t-entry-text\">\n\t\t\t\t\t\t\t\t\t<div class=\"t-entry-text-tc single-block-padding\"><div class=\"t-entry\"><h3 class=\"t-entry-title h4 title-scale\">Asia Ahmetjanova - \"Berceuse\" for clarinet trio (Trio Lys)<\/h3><div class=\"spacer spacer-one half-space\"><\/div><\/div><\/div>\n\t\t\t\t\t\t\t<\/div><div class=\"t-entry-visual\"><div class=\"t-entry-visual-tc\"><div class=\"t-entry-visual-cont\"><div class=\"t-entry-visual-overlay\"><div class=\"t-entry-visual-overlay-in style-dark-bg\" style=\"opacity: 0.36;\"><\/div><\/div><div class=\"h4 title-scale fluid-object\" style=\"padding-top: 56.31%\"><iframe title=\"Asia Ahmetjanova - &quot;Berceuse&quot; for clarinet trio (Trio Lys)\" width=\"840\" height=\"473\" src=\"https:\/\/www.youtube.com\/embed\/ISNkI_67w9Q?feature=oembed\" frameborder=\"0\" allow=\"accelerometer; autoplay; clipboard-write; encrypted-media; gyroscope; picture-in-picture; web-share\" referrerpolicy=\"strict-origin-when-cross-origin\" allowfullscreen><\/iframe><\/div><\/div>\n\t\t\t\t\t<\/div>\n\t\t\t\t<\/div><\/div><\/div>\t\t\t\t\t\t<\/div>\n\t\t\t\t\t<\/div>\n\n\t\n\t\n<\/div>\n\n<\/div><\/div><\/div><\/div><\/div><script id=\"script-row-unique-0\" data-row=\"script-row-unique-0\" type=\"text\/javascript\" class=\"vc_controls\">UNCODE.initRow(document.getElementById(\"row-unique-0\"));<\/script><\/div><\/div><\/div><div data-parent=\"true\" class=\"vc_row row-container\" id=\"row-unique-1\"><div class=\"row limit-width row-parent\"><div class=\"wpb_row row-inner\"><div class=\"wpb_column pos-top pos-center align_left column_parent col-lg-12 single-internal-gutter\"><div class=\"uncol style-dark\"  ><div class=\"uncoltable\"><div class=\"uncell no-block-padding\" ><div class=\"uncont\"><div id=\"gallery-126309-172\" class=\"isotope-system isotope-general-dark grid-general-dark\">\n\t\t\t\t\n\t<div class=\"isotope-wrapper grid-wrapper single-gutter\">\n\t\t\t\t\t\t<div class=\"isotope-container isotope-layout style-masonry\" data-type=\"masonry\" data-layout=\"masonry\" data-lg=\"1000\" data-md=\"600\" data-sm=\"480\">\n<div class=\"tmb tmb-iso-w4 tmb-iso-h4 tmb-light tmb-overlay-text-anim tmb-overlay-showed tmb-overlay-anim tmb-overlay-middle tmb-overlay-text-left tmb-image-anim tmb-id-1174  tmb-img-ratio tmb-media-first tmb-media-last tmb-content-overlay tmb-no-bg tmb-lightbox\" ><div class=\"t-inside parallax-el\" data-rellax-speed=\"0.5\" data-rellax-percentage=\"0.5\"><div class=\"t-entry-visual\"><div class=\"t-entry-visual-tc\"><div class=\"t-entry-visual-cont\"><div class=\"dummy\" style=\"padding-top: 100%;\"><\/div><a tabindex=\"-1\" href=\"https:\/\/danielaengel.art\/wp-content\/uploads\/2024\/11\/A007C147_240902X6_CANON.00_18_09_11.Standbild039-scaled.jpg\" class=\"pushed\" data-active=\"1\" data-lbox=\"ilightbox_gallery-126309-172\" data-options=\"width:1707,height:2560,thumbnail: 'https:\/\/danielaengel.art\/wp-content\/uploads\/2024\/11\/A007C147_240902X6_CANON.00_18_09_11.Standbild039-200x300.jpg'\" data-lb-index=\"0\"><div class=\"t-entry-visual-overlay\"><div class=\"t-entry-visual-overlay-in style-dark-bg\" style=\"opacity: 0.36;\"><\/div><\/div><img decoding=\"async\" class=\"wp-image-1174\" src=\"https:\/\/danielaengel.art\/wp-content\/uploads\/2024\/11\/A007C147_240902X6_CANON.00_18_09_11.Standbild039-scaled-uai-1707x1707.jpg\" width=\"1707\" height=\"1707\" alt=\"\" \/><\/a><\/div>\n\t\t\t\t\t<\/div>\n\t\t\t\t<\/div><\/div><\/div><div class=\"tmb tmb-iso-w4 tmb-iso-h4 tmb-light tmb-overlay-text-anim tmb-overlay-showed tmb-overlay-anim tmb-overlay-middle tmb-overlay-text-left tmb-image-anim tmb-id-305  tmb-img-ratio tmb-media-first tmb-media-last tmb-content-overlay tmb-no-bg tmb-lightbox\" ><div class=\"t-inside parallax-el\" data-rellax-speed=\"0.5\" data-rellax-percentage=\"0.5\"><div class=\"t-entry-visual\"><div class=\"t-entry-visual-tc\"><div class=\"t-entry-visual-cont\"><div class=\"dummy\" style=\"padding-top: 100%;\"><\/div><a tabindex=\"-1\" href=\"https:\/\/danielaengel.art\/wp-content\/uploads\/2021\/08\/DSC_5076_r-scaled.jpg\" class=\"pushed\" data-active=\"1\" data-lbox=\"ilightbox_gallery-126309-172\" data-options=\"width:1708,height:2560,thumbnail: 'https:\/\/danielaengel.art\/wp-content\/uploads\/2021\/08\/DSC_5076_r-200x300.jpg'\" data-lb-index=\"1\"><div class=\"t-entry-visual-overlay\"><div class=\"t-entry-visual-overlay-in style-dark-bg\" style=\"opacity: 0.36;\"><\/div><\/div><img decoding=\"async\" class=\"wp-image-305\" src=\"https:\/\/danielaengel.art\/wp-content\/uploads\/2021\/08\/DSC_5076_r-scaled-uai-1708x1708.jpg\" width=\"1708\" height=\"1708\" alt=\"\" srcset=\"https:\/\/danielaengel.art\/wp-content\/uploads\/2021\/08\/DSC_5076_r-scaled-uai-1708x1708.jpg 1708w, https:\/\/danielaengel.art\/wp-content\/uploads\/2021\/08\/DSC_5076_r-150x150.jpg 150w, https:\/\/danielaengel.art\/wp-content\/uploads\/2021\/08\/DSC_5076_r-scaled-uai-258x258.jpg 258w, https:\/\/danielaengel.art\/wp-content\/uploads\/2021\/08\/DSC_5076_r-scaled-uai-1032x1032.jpg 1032w, https:\/\/danielaengel.art\/wp-content\/uploads\/2021\/08\/DSC_5076_r-scaled-uai-720x720.jpg 720w, https:\/\/danielaengel.art\/wp-content\/uploads\/2021\/08\/DSC_5076_r-scaled-uai-516x516.jpg 516w, https:\/\/danielaengel.art\/wp-content\/uploads\/2021\/08\/DSC_5076_r-scaled-uai-1440x1440.jpg 1440w\" sizes=\"(max-width: 1708px) 100vw, 1708px\" \/><\/a><\/div>\n\t\t\t\t\t<\/div>\n\t\t\t\t<\/div><\/div><\/div><div class=\"tmb tmb-iso-w4 tmb-iso-h4 tmb-light tmb-overlay-text-anim tmb-overlay-showed tmb-overlay-anim tmb-overlay-middle tmb-overlay-text-left tmb-image-anim tmb-id-1087  tmb-img-ratio tmb-media-first tmb-media-last tmb-content-overlay tmb-no-bg tmb-lightbox\" ><div class=\"t-inside parallax-el\" data-rellax-speed=\"0.5\" data-rellax-percentage=\"0.5\"><div class=\"t-entry-visual\"><div class=\"t-entry-visual-tc\"><div class=\"t-entry-visual-cont\"><div class=\"dummy\" style=\"padding-top: 100%;\"><\/div><a tabindex=\"-1\" href=\"https:\/\/danielaengel.art\/wp-content\/uploads\/2023\/11\/Kopie-von-ELZ-7576-scaled.jpg\" class=\"pushed\" data-active=\"1\" data-lbox=\"ilightbox_gallery-126309-172\" data-options=\"width:1707,height:2560,thumbnail: 'https:\/\/danielaengel.art\/wp-content\/uploads\/2023\/11\/Kopie-von-ELZ-7576-200x300.jpg'\" data-lb-index=\"2\"><div class=\"t-entry-visual-overlay\"><div class=\"t-entry-visual-overlay-in style-dark-bg\" style=\"opacity: 0.36;\"><\/div><\/div><img decoding=\"async\" class=\"wp-image-1087\" src=\"https:\/\/danielaengel.art\/wp-content\/uploads\/2023\/11\/Kopie-von-ELZ-7576-scaled-uai-1707x1707.jpg\" width=\"1707\" height=\"1707\" alt=\"\" \/><\/a><\/div>\n\t\t\t\t\t<\/div>\n\t\t\t\t<\/div><\/div><\/div><div class=\"tmb tmb-iso-w4 tmb-iso-h4 tmb-light tmb-overlay-text-anim tmb-overlay-showed tmb-overlay-anim tmb-overlay-middle tmb-overlay-text-left tmb-image-anim tmb-id-248  tmb-img-ratio tmb-media-first tmb-media-last tmb-content-overlay tmb-no-bg tmb-lightbox\" ><div class=\"t-inside parallax-el\" data-rellax-speed=\"0.5\" data-rellax-percentage=\"0.5\"><div class=\"t-entry-visual\"><div class=\"t-entry-visual-tc\"><div class=\"t-entry-visual-cont\"><div class=\"dummy\" style=\"padding-top: 100%;\"><\/div><a tabindex=\"-1\" href=\"https:\/\/danielaengel.art\/wp-content\/uploads\/2021\/08\/daniela-clarinet0734_r.jpg\" class=\"pushed\" data-active=\"1\" data-lbox=\"ilightbox_gallery-126309-172\" data-options=\"width:2048,height:1367,thumbnail: 'https:\/\/danielaengel.art\/wp-content\/uploads\/2021\/08\/daniela-clarinet0734_r-300x200.jpg'\" data-lb-index=\"3\"><div class=\"t-entry-visual-overlay\"><div class=\"t-entry-visual-overlay-in style-dark-bg\" style=\"opacity: 0.36;\"><\/div><\/div><img decoding=\"async\" class=\"wp-image-248\" src=\"https:\/\/danielaengel.art\/wp-content\/uploads\/2021\/08\/daniela-clarinet0734_r-uai-1367x1367.jpg\" width=\"1367\" height=\"1367\" alt=\"\" srcset=\"https:\/\/danielaengel.art\/wp-content\/uploads\/2021\/08\/daniela-clarinet0734_r-uai-1367x1367.jpg 1367w, https:\/\/danielaengel.art\/wp-content\/uploads\/2021\/08\/daniela-clarinet0734_r-150x150.jpg 150w, https:\/\/danielaengel.art\/wp-content\/uploads\/2021\/08\/daniela-clarinet0734_r-uai-258x258.jpg 258w, https:\/\/danielaengel.art\/wp-content\/uploads\/2021\/08\/daniela-clarinet0734_r-uai-1032x1032.jpg 1032w, https:\/\/danielaengel.art\/wp-content\/uploads\/2021\/08\/daniela-clarinet0734_r-uai-720x720.jpg 720w, https:\/\/danielaengel.art\/wp-content\/uploads\/2021\/08\/daniela-clarinet0734_r-uai-516x516.jpg 516w\" sizes=\"(max-width: 1367px) 100vw, 1367px\" \/><\/a><\/div>\n\t\t\t\t\t<\/div>\n\t\t\t\t<\/div><\/div><\/div><div class=\"tmb tmb-iso-w4 tmb-iso-h4 tmb-light tmb-overlay-text-anim tmb-overlay-showed tmb-overlay-anim tmb-overlay-middle tmb-overlay-text-left tmb-image-anim tmb-id-422  tmb-img-ratio tmb-media-first tmb-media-last tmb-content-overlay tmb-no-bg tmb-lightbox\" ><div class=\"t-inside parallax-el\" data-rellax-speed=\"0.5\" data-rellax-percentage=\"0.5\"><div class=\"t-entry-visual\"><div class=\"t-entry-visual-tc\"><div class=\"t-entry-visual-cont\"><div class=\"dummy\" style=\"padding-top: 100%;\"><\/div><a tabindex=\"-1\" href=\"https:\/\/danielaengel.art\/wp-content\/uploads\/2021\/08\/daniela-clarinet0851_r-scaled.jpg\" class=\"pushed\" data-active=\"1\" data-lbox=\"ilightbox_gallery-126309-172\" data-options=\"width:1708,height:2560,thumbnail: 'https:\/\/danielaengel.art\/wp-content\/uploads\/2021\/08\/daniela-clarinet0851_r-200x300.jpg'\" data-lb-index=\"4\"><div class=\"t-entry-visual-overlay\"><div class=\"t-entry-visual-overlay-in style-dark-bg\" style=\"opacity: 0.36;\"><\/div><\/div><img decoding=\"async\" class=\"wp-image-422\" src=\"https:\/\/danielaengel.art\/wp-content\/uploads\/2021\/08\/daniela-clarinet0851_r-scaled-uai-1708x1708.jpg\" width=\"1708\" height=\"1708\" alt=\"\" srcset=\"https:\/\/danielaengel.art\/wp-content\/uploads\/2021\/08\/daniela-clarinet0851_r-scaled-uai-1708x1708.jpg 1708w, https:\/\/danielaengel.art\/wp-content\/uploads\/2021\/08\/daniela-clarinet0851_r-150x150.jpg 150w, https:\/\/danielaengel.art\/wp-content\/uploads\/2021\/08\/daniela-clarinet0851_r-scaled-uai-258x258.jpg 258w, https:\/\/danielaengel.art\/wp-content\/uploads\/2021\/08\/daniela-clarinet0851_r-scaled-uai-1032x1032.jpg 1032w, https:\/\/danielaengel.art\/wp-content\/uploads\/2021\/08\/daniela-clarinet0851_r-scaled-uai-720x720.jpg 720w, https:\/\/danielaengel.art\/wp-content\/uploads\/2021\/08\/daniela-clarinet0851_r-scaled-uai-516x516.jpg 516w, https:\/\/danielaengel.art\/wp-content\/uploads\/2021\/08\/daniela-clarinet0851_r-scaled-uai-1440x1440.jpg 1440w\" sizes=\"(max-width: 1708px) 100vw, 1708px\" \/><\/a><\/div>\n\t\t\t\t\t<\/div>\n\t\t\t\t<\/div><\/div><\/div><div class=\"tmb tmb-iso-w4 tmb-iso-h4 tmb-light tmb-overlay-text-anim tmb-overlay-showed tmb-overlay-anim tmb-overlay-middle tmb-overlay-text-left tmb-image-anim tmb-id-423  tmb-img-ratio tmb-media-first tmb-media-last tmb-content-overlay tmb-no-bg tmb-lightbox\" ><div class=\"t-inside parallax-el\" data-rellax-speed=\"0.5\" data-rellax-percentage=\"0.5\"><div class=\"t-entry-visual\"><div class=\"t-entry-visual-tc\"><div class=\"t-entry-visual-cont\"><div class=\"dummy\" style=\"padding-top: 100%;\"><\/div><a tabindex=\"-1\" href=\"https:\/\/danielaengel.art\/wp-content\/uploads\/2021\/08\/daniela-clarinet0924_r-scaled.jpg\" class=\"pushed\" data-active=\"1\" data-lbox=\"ilightbox_gallery-126309-172\" data-options=\"width:1708,height:2560,thumbnail: 'https:\/\/danielaengel.art\/wp-content\/uploads\/2021\/08\/daniela-clarinet0924_r-200x300.jpg'\" data-lb-index=\"5\"><div class=\"t-entry-visual-overlay\"><div class=\"t-entry-visual-overlay-in style-dark-bg\" style=\"opacity: 0.36;\"><\/div><\/div><img decoding=\"async\" class=\"wp-image-423\" src=\"https:\/\/danielaengel.art\/wp-content\/uploads\/2021\/08\/daniela-clarinet0924_r-scaled-uai-1708x1708.jpg\" width=\"1708\" height=\"1708\" alt=\"\" srcset=\"https:\/\/danielaengel.art\/wp-content\/uploads\/2021\/08\/daniela-clarinet0924_r-scaled-uai-1708x1708.jpg 1708w, https:\/\/danielaengel.art\/wp-content\/uploads\/2021\/08\/daniela-clarinet0924_r-150x150.jpg 150w, https:\/\/danielaengel.art\/wp-content\/uploads\/2021\/08\/daniela-clarinet0924_r-scaled-uai-258x258.jpg 258w, https:\/\/danielaengel.art\/wp-content\/uploads\/2021\/08\/daniela-clarinet0924_r-scaled-uai-1032x1032.jpg 1032w, https:\/\/danielaengel.art\/wp-content\/uploads\/2021\/08\/daniela-clarinet0924_r-scaled-uai-720x720.jpg 720w, https:\/\/danielaengel.art\/wp-content\/uploads\/2021\/08\/daniela-clarinet0924_r-scaled-uai-516x516.jpg 516w, https:\/\/danielaengel.art\/wp-content\/uploads\/2021\/08\/daniela-clarinet0924_r-scaled-uai-1440x1440.jpg 1440w\" sizes=\"(max-width: 1708px) 100vw, 1708px\" \/><\/a><\/div>\n\t\t\t\t\t<\/div>\n\t\t\t\t<\/div><\/div><\/div><div class=\"tmb tmb-iso-w4 tmb-iso-h4 tmb-light tmb-overlay-text-anim tmb-overlay-showed tmb-overlay-anim tmb-overlay-middle tmb-overlay-text-left tmb-image-anim tmb-id-1080  tmb-img-ratio tmb-media-first tmb-media-last tmb-content-overlay tmb-no-bg tmb-lightbox\" ><div class=\"t-inside parallax-el\" data-rellax-speed=\"0.5\" data-rellax-percentage=\"0.5\"><div class=\"t-entry-visual\"><div class=\"t-entry-visual-tc\"><div class=\"t-entry-visual-cont\"><div class=\"dummy\" style=\"padding-top: 100%;\"><\/div><a tabindex=\"-1\" href=\"https:\/\/danielaengel.art\/wp-content\/uploads\/2023\/11\/DSC02518-2-scaled.jpg\" class=\"pushed\" data-active=\"1\" data-lbox=\"ilightbox_gallery-126309-172\" data-options=\"width:2560,height:1707,thumbnail: 'https:\/\/danielaengel.art\/wp-content\/uploads\/2023\/11\/DSC02518-2-300x200.jpg'\" data-lb-index=\"6\"><div class=\"t-entry-visual-overlay\"><div class=\"t-entry-visual-overlay-in style-dark-bg\" style=\"opacity: 0.36;\"><\/div><\/div><img decoding=\"async\" class=\"wp-image-1080\" src=\"https:\/\/danielaengel.art\/wp-content\/uploads\/2023\/11\/DSC02518-2-scaled-uai-1707x1707.jpg\" width=\"1707\" height=\"1707\" alt=\"\" \/><\/a><\/div>\n\t\t\t\t\t<\/div>\n\t\t\t\t<\/div><\/div><\/div><div class=\"tmb tmb-iso-w4 tmb-iso-h4 tmb-light tmb-overlay-text-anim tmb-overlay-showed tmb-overlay-anim tmb-overlay-middle tmb-overlay-text-left tmb-image-anim tmb-id-1129  tmb-img-ratio tmb-media-first tmb-media-last tmb-content-overlay tmb-no-bg tmb-lightbox\" ><div class=\"t-inside parallax-el\" data-rellax-speed=\"0.5\" data-rellax-percentage=\"0.5\"><div class=\"t-entry-visual\"><div class=\"t-entry-visual-tc\"><div class=\"t-entry-visual-cont\"><div class=\"dummy\" style=\"padding-top: 100%;\"><\/div><a tabindex=\"-1\" href=\"https:\/\/danielaengel.art\/wp-content\/uploads\/2024\/03\/DSF2349-scaled.jpg\" class=\"pushed\" data-active=\"1\" data-lbox=\"ilightbox_gallery-126309-172\" data-options=\"width:2560,height:2560,thumbnail: 'https:\/\/danielaengel.art\/wp-content\/uploads\/2024\/03\/DSF2349-300x300.jpg'\" data-lb-index=\"7\"><div class=\"t-entry-visual-overlay\"><div class=\"t-entry-visual-overlay-in style-dark-bg\" style=\"opacity: 0.36;\"><\/div><\/div><img decoding=\"async\" class=\"wp-image-1129\" src=\"https:\/\/danielaengel.art\/wp-content\/uploads\/2024\/03\/DSF2349-scaled.jpg\" width=\"2560\" height=\"2560\" alt=\"\" srcset=\"https:\/\/danielaengel.art\/wp-content\/uploads\/2024\/03\/DSF2349-scaled.jpg 2560w, https:\/\/danielaengel.art\/wp-content\/uploads\/2024\/03\/DSF2349-300x300.jpg 300w\" sizes=\"(max-width: 2560px) 100vw, 2560px\" \/><\/a><\/div>\n\t\t\t\t\t<\/div>\n\t\t\t\t<\/div><\/div><\/div>\t\t\t\t\t\t<\/div>\n\t\t\t\t\t<\/div>\n\n\t\n\t\n<\/div>\n\n<div class=\"uncode_text_column\" ><p><strong>Photo Credits:<\/strong><\/p>\n<p>Daniela: Calm Vidal Photography<\/p>\n<p>ensemble fokus: Alois Jolliet<\/p>\n<p>Trio Lys: FinnsFuji<\/p>\n<\/div><\/div><\/div><\/div><\/div><\/div><script id=\"script-row-unique-1\" data-row=\"script-row-unique-1\" type=\"text\/javascript\" class=\"vc_controls\">UNCODE.initRow(document.getElementById(\"row-unique-1\"));<\/script><\/div><\/div><\/div>\n","protected":false},"excerpt":{"rendered":"Clarinet Concerto op. 57Carl Nielsen Trio for Clarinet, Cello and PianoMagnus Lindberg \u00c5smund Perss\u00f8nn \u00d8degaard - En Chritz i de [...]","protected":false},"author":2,"featured_media":0,"parent":0,"menu_order":0,"comment_status":"closed","ping_status":"closed","template":"","meta":[],"_links":{"self":[{"href":"https:\/\/danielaengel.art\/de\/wp-json\/wp\/v2\/pages\/114"}],"collection":[{"href":"https:\/\/danielaengel.art\/de\/wp-json\/wp\/v2\/pages"}],"about":[{"href":"https:\/\/danielaengel.art\/de\/wp-json\/wp\/v2\/types\/page"}],"author":[{"embeddable":true,"href":"https:\/\/danielaengel.art\/de\/wp-json\/wp\/v2\/users\/2"}],"replies":[{"embeddable":true,"href":"https:\/\/danielaengel.art\/de\/wp-json\/wp\/v2\/comments?post=114"}],"version-history":[{"count":46,"href":"https:\/\/danielaengel.art\/de\/wp-json\/wp\/v2\/pages\/114\/revisions"}],"predecessor-version":[{"id":1215,"href":"https:\/\/danielaengel.art\/de\/wp-json\/wp\/v2\/pages\/114\/revisions\/1215"}],"wp:attachment":[{"href":"https:\/\/danielaengel.art\/de\/wp-json\/wp\/v2\/media?parent=114"}],"curies":[{"name":"wp","href":"https:\/\/api.w.org\/{rel}","templated":true}]}}